{"id":4269,"date":"2025-12-25T13:31:23","date_gmt":"2025-12-25T16:31:23","guid":{"rendered":"https:\/\/ccb.art.br\/home\/?page_id=4269"},"modified":"2025-12-25T14:10:23","modified_gmt":"2025-12-25T17:10:23","slug":"repercutindo","status":"publish","type":"page","link":"https:\/\/ccb.art.br\/home\/repercutindo\/","title":{"rendered":"Repercutindo"},"content":{"rendered":"\t\t<div data-elementor-type=\"wp-page\" data-elementor-id=\"4269\" class=\"elementor elementor-4269\">\n\t\t\t\t<div class=\"elementor-element elementor-element-2549e939 e-flex e-con-boxed e-con e-parent\" data-id=\"2549e939\" data-element_type=\"container\" data-settings=\"{&quot;background_background&quot;:&quot;classic&quot;}\">\n\t\t\t\t\t<div class=\"e-con-inner\">\n\t\t<div class=\"elementor-element elementor-element-f50d0fa e-con-full animated-slow e-flex elementor-invisible e-con e-child\" data-id=\"f50d0fa\" data-element_type=\"container\" data-settings=\"{&quot;animation&quot;:&quot;zoomIn&quot;}\">\n\t\t\t\t<div class=\"elementor-element elementor-element-3ffca4c elementor-widget elementor-widget-heading\" data-id=\"3ffca4c\" data-element_type=\"widget\" data-widget_type=\"heading.default\">\n\t\t\t\t<div class=\"elementor-widget-container\">\n\t\t\t\t\t<h2 class=\"elementor-heading-title elementor-size-default\">Ecoando por a\u00ed...<\/h2>\t\t\t\t<\/div>\n\t\t\t\t<\/div>\n\t\t\t\t<div class=\"elementor-element elementor-element-9d512e2 elementor-widget elementor-widget-text-editor\" data-id=\"9d512e2\" data-element_type=\"widget\" data-widget_type=\"text-editor.default\">\n\t\t\t\t<div class=\"elementor-widget-container\">\n\t\t\t\t\t\t\t\t\t<p>A trajet\u00f3ria do CCB nas vozes da imprensa e da comunidade.<\/p>\t\t\t\t\t\t\t\t<\/div>\n\t\t\t\t<\/div>\n\t\t\t\t<div class=\"elementor-element elementor-element-14e99f0 elementor-widget-divider--view-line elementor-widget elementor-widget-divider\" data-id=\"14e99f0\" data-element_type=\"widget\" data-widget_type=\"divider.default\">\n\t\t\t\t<div class=\"elementor-widget-container\">\n\t\t\t\t\t\t\t<div class=\"elementor-divider\">\n\t\t\t<span class=\"elementor-divider-separator\">\n\t\t\t\t\t\t<\/span>\n\t\t<\/div>\n\t\t\t\t\t\t<\/div>\n\t\t\t\t<\/div>\n\t\t\t\t<\/div>\n\t\t\t\t<div class=\"elementor-element elementor-element-4c6fdb30 animated-slow elementor-invisible elementor-widget elementor-widget-text-editor\" data-id=\"4c6fdb30\" data-element_type=\"widget\" data-settings=\"{&quot;_animation&quot;:&quot;fadeIn&quot;}\" data-widget_type=\"text-editor.default\">\n\t\t\t\t<div class=\"elementor-widget-container\">\n\t\t\t\t\t\t\t\t\t<style>\n    \/* Estilo Premium para Clipping CCB *\/\n    .premium-clipping {\n        display: grid;\n        grid-template-columns: repeat(auto-fit, minmax(300px, 1fr));\n        gap: 20px;\n        padding: 2px 0;\n        font-family: 'Helvetica Neue', Helvetica, Arial, sans-serif;\n    }\n\n    .premium-card {\n        background: #ffffff;\n        border: none;\n        border-radius: 0px; \/* Bordas retas s\u00e3o mais elegantes\/modernas *\/\n        padding: 30px;\n        display: flex;\n        flex-direction: column;\n        justify-content: space-between;\n        position: relative;\n        transition: all 0.4s cubic-bezier(0.165, 0.84, 0.44, 1);\n        box-shadow: 0 1px 2px rgba(0,0,0,0.07);\n        border-top: 3px solid #eee; \/* Linha sutil no topo *\/\n    }\n\n    .premium-card:hover {\n        transform: translateY(-8px);\n        box-shadow: 0 20px 40px rgba(0,0,0,0.08);\n        border-top: 3px solid #b8860b; \/* Muda para um dourado\/ocre no hover *\/\n    }\n\n    .premium-date {\n        font-size: 0.75rem;\n        letter-spacing: 2px;\n        color: #999;\n        text-transform: uppercase;\n        margin-bottom: 15px;\n    }\n\n    .premium-source {\n        font-size: 0.85rem;\n        font-weight: 600;\n        color: #b8860b; \/* Tom dourado elegante *\/\n        margin-bottom: 10px;\n        text-transform: uppercase;\n    }\n\n    .premium-title {\n        font-size: 1.15rem;\n        color: #1a1a1a;\n        margin: 0 0 25px 0;\n        line-height: 1.5;\n        font-weight: 400;\n        letter-spacing: -0.5px;\n    }\n\n    .premium-btn {\n        font-size: 0.8rem;\n        font-weight: 700;\n        text-transform: uppercase;\n        text-decoration: none !important;\n        color: #1a1a1a !important;\n        display: inline-flex;\n        align-items: center;\n        transition: color 0.3s ease;\n    }\n\n    .premium-btn::after {\n        content: ' \u2192';\n        margin-left: 5px;\n        transition: margin-left 0.3s ease;\n    }\n\n    .premium-btn:hover {\n        color: #b8860b !important;\n    }\n\n    .premium-btn:hover::after {\n        margin-left: 10px;\n    }\n\n    \/* Ajuste para 3 colunas em telas grandes *\/\n    @media (min-width: 1024px) {\n        .premium-clipping {\n            grid-template-columns: repeat(3, 1fr);\n        }\n    }\n<\/style>\n\n<div class=\"premium-clipping\">\n\n    <div class=\"premium-card\">\n        <div>\n            <div class=\"premium-date\">29 Out 2025<\/div>\n            <div class=\"premium-source\">Viva a Cidade<\/div>\n            <h3 class=\"premium-title\">Agenda Cultural: Os destaques do fim de semana em S\u00e3o Paulo<\/h3>\n        <\/div>\n        <a href=\"https:\/\/vivaacidadenews.com.br\/dicas\/shows-e-festas-que-agitam-o-fim-de-semana\/\" target=\"_blank\" class=\"premium-btn\">Ler Mat\u00e9ria<\/a>\n    <\/div>\n\n    <div class=\"premium-card\">\n        <div>\n            <div class=\"premium-date\">23 Out 2025<\/div>\n            <div class=\"premium-source\">Viva a Cidade<\/div>\n            <h3 class=\"premium-title\">Centro Cultural Butant\u00e3 inaugura nova sede e celebra reabertura<\/h3>\n        <\/div>\n        <a href=\"https:\/\/vivaacidadenews.com.br\/events\/centro-cultural-butanta-reabertura\/\" target=\"_blank\" class=\"premium-btn\">Ler Mat\u00e9ria<\/a>\n    <\/div>\n\n    <div class=\"premium-card\">\n        <div>\n            <div class=\"premium-date\">26 Jul 2018<\/div>\n            <div class=\"premium-source\">Catraca Livre<\/div>\n            <h3 class=\"premium-title\">Tradi\u00e7\u00e3o e Forr\u00f3: As noites gratuitas de Tambor de Crioula no CCB<\/h3>\n        <\/div>\n        <a href=\"https:\/\/catracalivre.com.br\/vila-mundo\/quinta-e-dia-de-forro-com-entrada-gratuita-no-ccb\/\" target=\"_blank\" class=\"premium-btn\">Ler Mat\u00e9ria<\/a>\n    <\/div>\n\n    <div class=\"premium-card\">\n        <div>\n            <div class=\"premium-date\">04 Mai 2018<\/div>\n            <div class=\"premium-source\">Guia Folha<\/div>\n            <h3 class=\"premium-title\">Banda Forrobod\u00f3 do Jabah e a for\u00e7a dos ritmos brasileiros na Zona Oeste<\/h3>\n        <\/div>\n        <a href=\"https:\/\/guia.folha.uol.com.br\/mural\/2018\/05\/banda-forrobodo-do-jabah-leva-ritmos-brasileiros-e-arrasta-pe-a-zona-oeste.shtml\" target=\"_blank\" class=\"premium-btn\">Ler Mat\u00e9ria<\/a>\n    <\/div>\n\n    <div class=\"premium-card\">\n        <div>\n            <div class=\"premium-date\">27 Jul 2018<\/div>\n            <div class=\"premium-source\">Ag\u00eancia Brasil<\/div>\n            <h3 class=\"premium-title\">Registro Hist\u00f3rico: O maior eclipse lunar do s\u00e9culo e a mobiliza\u00e7\u00e3o nacional<\/h3>\n        <\/div>\n        <a href=\"https:\/\/agenciabrasil.ebc.com.br\/geral\/noticia\/2018-07\/eclipse-total-da-lua-ocorre-hoje-veja-dicas-para-acompanhar\" target=\"_blank\" class=\"premium-btn\">Ler Mat\u00e9ria<\/a>\n    <\/div>\n\n    <div class=\"premium-card\">\n        <div>\n            <div class=\"premium-date\">27 Jul 2018<\/div>\n            <div class=\"premium-source\">Correio Braziliense<\/div>\n            <h3 class=\"premium-title\">Ci\u00eancia e C\u00e9u: Guia completo para acompanhar o fen\u00f4meno lunar<\/h3>\n        <\/div>\n        <a href=\"https:\/\/www.correiobraziliense.com.br\/app\/noticia\/ciencia-e-saude\/2018\/07\/27\/interna_ciencia_saude,697765\/maior-parte-do-pais-vera-nesta-sexta-feira-eclipse-lunar-total.shtml\" target=\"_blank\" class=\"premium-btn\">Ler Mat\u00e9ria<\/a>\n    <\/div>\n\n<\/div>\t\t\t\t\t\t\t\t<\/div>\n\t\t\t\t<\/div>\n\t\t\t\t\t<\/div>\n\t\t\t\t<\/div>\n\t\t\t\t<\/div>\n\t\t","protected":false},"excerpt":{"rendered":"<p>Ecoando por a\u00ed&#8230; A trajet\u00f3ria do CCB nas vozes da imprensa e da comunidade. 29 Out 2025 Viva a Cidade Agenda Cultural: Os destaques do fim de semana em S\u00e3o Paulo Ler Mat\u00e9ria 23 Out 2025 Viva a Cidade Centro Cultural Butant\u00e3 inaugura nova sede e celebra reabertura Ler Mat\u00e9ria 26 Jul 2018 Catraca Livre [&hellip;]<\/p>\n","protected":false},"author":1,"featured_media":0,"parent":0,"menu_order":0,"comment_status":"closed","ping_status":"closed","template":"","meta":{"site-sidebar-layout":"no-sidebar","site-content-layout":"","ast-site-content-layout":"full-width-container","site-content-style":"unboxed","site-sidebar-style":"unboxed","ast-global-header-display":"","ast-banner-title-visibility":"","ast-main-header-display":"","ast-hfb-above-header-display":"","ast-hfb-below-header-display":"","ast-hfb-mobile-header-display":"","site-post-title":"disabled","ast-breadcrumbs-content":"","ast-featured-img":"","footer-sml-layout":"","theme-transparent-header-meta":"enabled","adv-header-id-meta":"","stick-header-meta":"","header-above-stick-meta":"","header-main-stick-meta":"","header-below-stick-meta":"","astra-migrate-meta-layouts":"set","ast-page-background-enabled":"default","ast-page-background-meta":{"desktop":{"background-color":"","background-image":"","background-repeat":"repeat","background-position":"center center","background-size":"auto","background-attachment":"scroll","background-type":"","background-media":"","overlay-type":"","overlay-color":"","overlay-opacity":"","overlay-gradient":""},"tablet":{"background-color":"","background-image":"","background-repeat":"repeat","background-position":"center center","background-size":"auto","background-attachment":"scroll","background-type":"","background-media":"","overlay-type":"","overlay-color":"","overlay-opacity":"","overlay-gradient":""},"mobile":{"background-color":"","background-image":"","background-repeat":"repeat","background-position":"center center","background-size":"auto","background-attachment":"scroll","background-type":"","background-media":"","overlay-type":"","overlay-color":"","overlay-opacity":"","overlay-gradient":""}},"ast-content-background-meta":{"desktop":{"background-color":"var(--ast-global-color-5)","background-image":"","background-repeat":"repeat","background-position":"center center","background-size":"auto","background-attachment":"scroll","background-type":"","background-media":"","overlay-type":"","overlay-color":"","overlay-opacity":"","overlay-gradient":""},"tablet":{"background-color":"var(--ast-global-color-5)","background-image":"","background-repeat":"repeat","background-position":"center center","background-size":"auto","background-attachment":"scroll","background-type":"","background-media":"","overlay-type":"","overlay-color":"","overlay-opacity":"","overlay-gradient":""},"mobile":{"background-color":"var(--ast-global-color-5)","background-image":"","background-repeat":"repeat","background-position":"center center","background-size":"auto","background-attachment":"scroll","background-type":"","background-media":"","overlay-type":"","overlay-color":"","overlay-opacity":"","overlay-gradient":""}},"footnotes":""},"class_list":["post-4269","page","type-page","status-publish","hentry"],"_links":{"self":[{"href":"https:\/\/ccb.art.br\/home\/wp-json\/wp\/v2\/pages\/4269","targetHints":{"allow":["GET"]}}],"collection":[{"href":"https:\/\/ccb.art.br\/home\/wp-json\/wp\/v2\/pages"}],"about":[{"href":"https:\/\/ccb.art.br\/home\/wp-json\/wp\/v2\/types\/page"}],"author":[{"embeddable":true,"href":"https:\/\/ccb.art.br\/home\/wp-json\/wp\/v2\/users\/1"}],"replies":[{"embeddable":true,"href":"https:\/\/ccb.art.br\/home\/wp-json\/wp\/v2\/comments?post=4269"}],"version-history":[{"count":40,"href":"https:\/\/ccb.art.br\/home\/wp-json\/wp\/v2\/pages\/4269\/revisions"}],"predecessor-version":[{"id":4312,"href":"https:\/\/ccb.art.br\/home\/wp-json\/wp\/v2\/pages\/4269\/revisions\/4312"}],"wp:attachment":[{"href":"https:\/\/ccb.art.br\/home\/wp-json\/wp\/v2\/media?parent=4269"}],"curies":[{"name":"wp","href":"https:\/\/api.w.org\/{rel}","templated":true}]}}